{"id":11,"date":"2017-06-21T23:24:49","date_gmt":"2017-06-21T21:24:49","guid":{"rendered":"https:\/\/www.k-naehleon.de\/?page_id=11"},"modified":"2025-03-27T18:58:59","modified_gmt":"2025-03-27T17:58:59","slug":"ueber-mich","status":"publish","type":"page","link":"https:\/\/www.k-naehleon.de\/?page_id=11","title":{"rendered":"\u00dcber mich"},"content":{"rendered":"<p><img loading=\"lazy\" decoding=\"async\" class=\"aligncenter wp-image-4606\" src=\"https:\/\/www.k-naehleon.de\/wp-content\/uploads\/2019\/07\/HmmmNaehenFuerMich.jpg\" alt=\"\" width=\"400\" height=\"400\" srcset=\"https:\/\/www.k-naehleon.de\/wp-content\/uploads\/2019\/07\/HmmmNaehenFuerMich.jpg 700w, https:\/\/www.k-naehleon.de\/wp-content\/uploads\/2019\/07\/HmmmNaehenFuerMich-160x160.jpg 160w, https:\/\/www.k-naehleon.de\/wp-content\/uploads\/2019\/07\/HmmmNaehenFuerMich-300x300.jpg 300w\" sizes=\"auto, (max-width: 400px) 100vw, 400px\" \/>Hallo! Ich hei\u00dfe Cailin Farrell, wurde 1980 geboren und n\u00e4he seit der Geburt meiner Tochter in 2016. Damals schwirrten mir viele Bilder von niedlichen M\u00e4dchen-Kleidern durch den Kopf. Leider fand ich dann Kleider bei meinem Baby und Krabbelkind total unpraktisch und au\u00dferdem wollte auch der Gro\u00dfe (damals 4 Jahre alt) ben\u00e4ht werden.<\/p>\n<p>Daher n\u00e4he und entwerfe ich seitdem am liebsten Schnittmuster, die f\u00fcr M\u00e4dchen und Jungen gleicherma\u00dfen passen (und manchmal auch f\u00fcr ihre Eltern).<\/p>\n<p>Meistens n\u00e4he ich f\u00fcr meine Kinder, aber hin und wieder entsteht auch ein Kleidungsst\u00fcck f\u00fcr mich, wie hier das locker-leichte T-Shirt in t\u00fcrkis.<\/p>\n<p><img loading=\"lazy\" decoding=\"async\" class=\"aligncenter wp-image-2437\" title=\"K-N\u00e4hleon - N\u00e4hen f\u00fcr Kinder \" src=\"https:\/\/www.k-naehleon.de\/wp-content\/uploads\/2018\/07\/AchtzigerOutfit2_600.jpg\" alt=\"K-N\u00e4hleon - N\u00e4hen f\u00fcr die ganze Familie\" width=\"450\" height=\"504\" srcset=\"https:\/\/www.k-naehleon.de\/wp-content\/uploads\/2018\/07\/AchtzigerOutfit2_600.jpg 600w, https:\/\/www.k-naehleon.de\/wp-content\/uploads\/2018\/07\/AchtzigerOutfit2_600-268x300.jpg 268w\" sizes=\"auto, (max-width: 450px) 100vw, 450px\" \/><\/p>\n<p>\u00dcblicherweise n\u00e4he ich nachts, wenn die Kinder schlafen. Dabei gehe ich nach dem Prinzip &#8222;steter Tropfen h\u00f6hlt den Stein&#8220; vor und n\u00e4he Naht f\u00fcr Naht &#8211; an einem guten N\u00e4habend schaffe ich 4-5 N\u00e4hte.<\/p>\n<p>Manchmal wacht die Maus aber auch auf, nachdem ich den neuen Faden eingef\u00e4delt habe, noch bevor ich meine erste Naht gen\u00e4ht habe. Dann versuche ich mich nicht zu \u00e4rgern und sage mir, dass ich alles sch\u00f6n vorbereitet habe, so dass ich dann beim n\u00e4chsten Mal gleich losn\u00e4hen kann \ud83d\ude42<\/p>\n<p>Neben dem N\u00e4hen habe ich bald angefangen, meine eigenen Schnittmuster zu entwerfen. Am Anfang mit Papier und Bleistift und mittlerweile mit dem kostenlosen Programm <a href=\"https:\/\/valentinaproject.bitbucket.io\/\" target=\"_blank\" rel=\"noopener noreferrer\">Valentina<\/a>.<\/p>\n<p>Dabei ist unter anderem das <a href=\"https:\/\/www.k-naehleon.de\/?p=598\">Freebook f\u00fcr die Leggings Luna<\/a>, die <a href=\"https:\/\/www.k-naehleon.de\/?p=3626\">Spiral-Zipfelm\u00fctze Zephyr<\/a> sowie der <a href=\"https:\/\/www.k-naehleon.de\/?p=2959\">coole Hoodie Peer<\/a> f\u00fcr Damen und f\u00fcr Kinder entstanden.<\/p>\n<p>Beim N\u00e4hen besch\u00e4ftigen mich Fragen wie: Ab welchem Alter d\u00fcrfen Kinder <a href=\"https:\/\/www.k-naehleon.de\/?p=171\">schon an die N\u00e4hmaschine<\/a>? Wie kann ich<a href=\"https:\/\/www.k-naehleon.de\/?p=2464\" target=\"_blank\" rel=\"noopener noreferrer\"> Jersey-Schr\u00e4gband endlich selber<\/a> machen? Und welches <a href=\"https:\/\/www.k-naehleon.de\/?cat=9\" target=\"_blank\" rel=\"noopener noreferrer\">Freebook ver\u00f6ffentliche ich als n\u00e4chstes<\/a>?<\/p>\n<p>Wenn du keinen N\u00e4htipp und kein K-N\u00e4hleon-Freebook mehr verpassen m\u00f6chtest, dann gibt es die M\u00f6glichkeit, dich zu unserem Newsletter anzumelden. Als Geschenk schicke ich dir dann das <strong>kostenlose Schnittmuster<\/strong> der <a href=\"https:\/\/www.k-naehleon.de\/?p=598\" target=\"_blank\" rel=\"noopener noreferrer\">Leggings Luna<\/a> in den Gr\u00f6\u00dfen 44-116 innerhalb der n\u00e4chsten Stunde zu.<\/p>\n<p style=\"text-align: center;\"><a href=\"https:\/\/www.k-naehleon.de\/?page_id=74\" target=\"_blank\" rel=\"noopener noreferrer\">Infos zum Datenschutz<\/a><\/p>\n<p style=\"text-align: center;\"><a class=\"button\" style=\"background-color: sienna;\" href=\"https:\/\/www.k-naehleon.de\/lists\/?p=subscribe&amp;id=2\" target=\"_blank\" rel=\"noopener noreferrer\"> Zum Newsletter anmelden <\/a><\/p>\n<p>Ich freue mich \u00fcbrigens auch, von Euch zu h\u00f6ren. Ich lese jede Mail und jeden Kommentar! Du erreichst mich unter der Mail-Adresse <em>info(at)k-naehleon.de<\/em> .<\/p>\n<p>Viele Gr\u00fc\u00dfe und bis bald,<\/p>\n<p>Cailin<\/p>\n<hr \/>\n<h2>K-N\u00e4hleon in Zahlen<\/h2>\n<p>Und hier noch ein paar Fakten zu K-N\u00e4hleon, dem Blog zu meinem Hobby N\u00e4hen:<\/p>\n<ul>\n<li>Der erste Beitrag ging im <strong>Juni 2017<\/strong> online: <a class=\"entry-title-link\" href=\"https:\/\/www.k-naehleon.de\/?p=58\" rel=\"bookmark\">Ein Fu\u00dfball-Trikot ganz ohne Plotter<\/a><\/li>\n<li>Die Inspiration zum Namen &#8222;K-N\u00e4hleon&#8220; war ein Lieblings-T-Shirt meines Sohnes mit einem Cham\u00e4leon.<\/li>\n<li>Auch auf den sozialen Medien findest du K-N\u00e4hleon &#8211; Ich w\u00fcrde mich freuen, wenn du mir folgst. \ud83d\ude42<\/li>\n<\/ul>\n<ul>\n<li style=\"list-style-type: none;\">\n<ul>\n<li><a href=\"https:\/\/www.pinterest.de\/knaehleon\/\" target=\"_blank\" rel=\"noopener noreferrer\">K-N\u00e4hleon bei Pinterest<\/a><\/li>\n<li><a href=\"https:\/\/www.instagram.com\/knaehleon\/\" target=\"_blank\" rel=\"noopener noreferrer\">K-N\u00e4hleon bei Instagram<\/a><\/li>\n<li><a href=\"https:\/\/www.facebook.com\/KNaehleon\" target=\"_blank\" rel=\"noopener\">K-N\u00e4hleon bei Facebook<\/a><\/li>\n<\/ul>\n<\/li>\n<\/ul>\n<p>&nbsp;<\/p>\n","protected":false},"excerpt":{"rendered":"<p>Hallo! Ich hei\u00dfe Cailin Farrell, wurde 1980 geboren und n\u00e4he seit der Geburt meiner Tochter in 2016. Damals schwirrten mir viele Bilder von niedlichen M\u00e4dchen-Kleidern durch den Kopf. Leider fand ich dann Kleider bei meinem Baby und Krabbelkind total unpraktisch und au\u00dferdem wollte auch der Gro\u00dfe (damals 4 Jahre alt) ben\u00e4ht werden. Daher n\u00e4he und [&hellip;]<\/p>\n","protected":false},"author":1,"featured_media":0,"parent":0,"menu_order":0,"comment_status":"closed","ping_status":"closed","template":"","meta":{"_genesis_hide_title":false,"_genesis_hide_breadcrumbs":false,"_genesis_hide_singular_image":false,"_genesis_hide_footer_widgets":false,"_genesis_custom_body_class":"","_genesis_custom_post_class":"","_genesis_layout":"","footnotes":""},"class_list":{"0":"post-11","1":"page","2":"type-page","3":"status-publish","5":"entry"},"_links":{"self":[{"href":"https:\/\/www.k-naehleon.de\/index.php?rest_route=\/wp\/v2\/pages\/11","targetHints":{"allow":["GET"]}}],"collection":[{"href":"https:\/\/www.k-naehleon.de\/index.php?rest_route=\/wp\/v2\/pages"}],"about":[{"href":"https:\/\/www.k-naehleon.de\/index.php?rest_route=\/wp\/v2\/types\/page"}],"author":[{"embeddable":true,"href":"https:\/\/www.k-naehleon.de\/index.php?rest_route=\/wp\/v2\/users\/1"}],"replies":[{"embeddable":true,"href":"https:\/\/www.k-naehleon.de\/index.php?rest_route=%2Fwp%2Fv2%2Fcomments&post=11"}],"version-history":[{"count":56,"href":"https:\/\/www.k-naehleon.de\/index.php?rest_route=\/wp\/v2\/pages\/11\/revisions"}],"predecessor-version":[{"id":9954,"href":"https:\/\/www.k-naehleon.de\/index.php?rest_route=\/wp\/v2\/pages\/11\/revisions\/9954"}],"wp:attachment":[{"href":"https:\/\/www.k-naehleon.de\/index.php?rest_route=%2Fwp%2Fv2%2Fmedia&parent=11"}],"curies":[{"name":"wp","href":"https:\/\/api.w.org\/{rel}","templated":true}]}}